{"id":18682,"date":"2014-05-30T15:06:21","date_gmt":"2014-05-30T15:06:21","guid":{"rendered":"http:\/\/demo.select-themes.com\/stockholm15\/?page_id=18682"},"modified":"2014-05-30T15:06:21","modified_gmt":"2014-05-30T15:06:21","slug":"three-column-gallery","status":"publish","type":"page","link":"https:\/\/www.molenaar-architekten.de\/?page_id=18682","title":{"rendered":"Three Column Grid"},"content":{"rendered":"<p>[vc_row row_type=&#8220;row&#8220; type=&#8220;full_width&#8220; icon_pack=&#8220;font_awesome&#8220; text_align=&#8220;left&#8220; padding_top=&#8220;14&#8243; padding_bottom=&#8220;100&#8243; content_menu_fe_icon=&#8220;arrow_back&#8220;][vc_column width=&#8220;1\/1&#8243;]<div class='projects_holder_outer v3 portfolio_with_space portfolio_with_hover_text  qode-filter-position-top'>\n\t<div class='filter_outer left_align'>\n    <div class='filter_holder  '>\n        <ul>\n                            <li class='filter_title'><span>Sort Portfolio:<\/span><\/li>\n            \n                            <li class='filter' data-filter='all'><span>All<\/span><\/li>\n            \n                            <li class='filter' data-filter='portfolio_category_114'><span>Gewerbe und Kultur<\/span>\n                                <\/li>\n                            <li class='filter' data-filter='portfolio_category_111'><span>St\u00e4dtebau<\/span>\n                                <\/li>\n                            <li class='filter' data-filter='portfolio_category_116'><span>Urbane R\u00e4ume<\/span>\n                                <\/li>\n                            <li class='filter' data-filter='portfolio_category_118'><span>Verkehrsbauwerke<\/span>\n                                <\/li>\n                            <li class='filter' data-filter='portfolio_category_115'><span>Wettbewerbe<\/span>\n                                <\/li>\n                            <li class='filter' data-filter='portfolio_category_113'><span>Wohnen<\/span>\n                                <\/li>\n                    <\/ul>\n    <\/div>\n<\/div>\n    \t<div class='projects_holder clearfix v3 hover_text portfolio_default_image '>\n\t\t<article class=\"mix portfolio_category_116 portfolio_category_118\">\n    <div class='image_holder elegant_hover'>\n        \n<span class='image'><img loading=\"lazy\" decoding=\"async\" width=\"1\" height=\"1\" src=\"https:\/\/www.molenaar-architekten.de\/wp-content\/uploads\/2015\/11\/ZOB-PassauTitelbild-.jpg\" class=\"attachment-portfolio-default size-portfolio-default wp-post-image\" alt=\"\" \/><\/span>\n                    <a class='portfolio_link_class' href='https:\/\/www.molenaar-architekten.de\/?portfolio_page=berlin-design-week' target='_self'><\/a>\n\t\t\n        <div class=\"portfolio_shader\"><\/div>\n<div class=\"text_holder\">\n\t<div class=\"text_holder_inner\">\n\t\t<div class=\"text_holder_inner2\">\n\t\t\t<h4 class=\"portfolio_title\" > Passau Neue Mitte mit ZOB<\/h4><h6 class=\"portfolio_subtitle\"> <\/h6>\t<span class=\"project_category\">\n        <span> In <\/span>\n\t\tUrbane R\u00e4ume \/ Verkehrsbauwerke    <\/span>\n\t\t<\/div>\n\t<\/div>\n<\/div>\n\n\n\n\n    <\/div>\n<\/article>\n<article class=\"mix portfolio_category_111 portfolio_category_116 portfolio_category_113\">\n    <div class='image_holder elegant_hover'>\n        \n<span class='image'><img loading=\"lazy\" decoding=\"async\" width=\"1\" height=\"1\" src=\"https:\/\/www.molenaar-architekten.de\/wp-content\/uploads\/2015\/12\/Linggang_titel.jpg\" class=\"attachment-portfolio-default size-portfolio-default wp-post-image\" alt=\"\" \/><\/span>\n                    <a class='portfolio_link_class' href='https:\/\/www.molenaar-architekten.de\/?portfolio_page=lingang-new-city-hafencity' target='_self'><\/a>\n\t\t\n        <div class=\"portfolio_shader\"><\/div>\n<div class=\"text_holder\">\n\t<div class=\"text_holder_inner\">\n\t\t<div class=\"text_holder_inner2\">\n\t\t\t<h4 class=\"portfolio_title\" > Lingang New City<\/h4><h6 class=\"portfolio_subtitle\"> <\/h6>\t<span class=\"project_category\">\n        <span> In <\/span>\n\t\tSt\u00e4dtebau \/ Urbane R\u00e4ume \/ Wohnen    <\/span>\n\t\t<\/div>\n\t<\/div>\n<\/div>\n\n\n\n\n    <\/div>\n<\/article>\n<article class=\"mix portfolio_category_113\">\n    <div class='image_holder elegant_hover'>\n        \n<span class='image'><img loading=\"lazy\" decoding=\"async\" width=\"1\" height=\"1\" src=\"https:\/\/www.molenaar-architekten.de\/wp-content\/uploads\/2015\/12\/Oberammergau_titel.jpg\" class=\"attachment-portfolio-default size-portfolio-default wp-post-image\" alt=\"\" \/><\/span>\n                    <a class='portfolio_link_class' href='https:\/\/www.molenaar-architekten.de\/?portfolio_page=thomas-mann-villa-oberammergau' target='_self'><\/a>\n\t\t\n        <div class=\"portfolio_shader\"><\/div>\n<div class=\"text_holder\">\n\t<div class=\"text_holder_inner\">\n\t\t<div class=\"text_holder_inner2\">\n\t\t\t<h4 class=\"portfolio_title\" > Oberammergau  Thomas-Mann-Villa<\/h4><h6 class=\"portfolio_subtitle\"> <\/h6>\t<span class=\"project_category\">\n        <span> In <\/span>\n\t\tWohnen    <\/span>\n\t\t<\/div>\n\t<\/div>\n<\/div>\n\n\n\n\n    <\/div>\n<\/article>\n<article class=\"mix portfolio_category_114 portfolio_category_116\">\n    <div class='image_holder elegant_hover'>\n        \n<span class='image'><img loading=\"lazy\" decoding=\"async\" width=\"1\" height=\"1\" src=\"https:\/\/www.molenaar-architekten.de\/wp-content\/uploads\/2015\/12\/Taihu_titel.jpg\" class=\"attachment-portfolio-default size-portfolio-default wp-post-image\" alt=\"\" \/><\/span>\n                    <a class='portfolio_link_class' href='https:\/\/www.molenaar-architekten.de\/?portfolio_page=taihu-inselpark' target='_self'><\/a>\n\t\t\n        <div class=\"portfolio_shader\"><\/div>\n<div class=\"text_holder\">\n\t<div class=\"text_holder_inner\">\n\t\t<div class=\"text_holder_inner2\">\n\t\t\t<h4 class=\"portfolio_title\" > Taihu  Inselpark<\/h4><h6 class=\"portfolio_subtitle\"> <\/h6>\t<span class=\"project_category\">\n        <span> In <\/span>\n\t\tGewerbe und Kultur \/ Urbane R\u00e4ume    <\/span>\n\t\t<\/div>\n\t<\/div>\n<\/div>\n\n\n\n\n    <\/div>\n<\/article>\n<article class=\"mix portfolio_category_114 portfolio_category_116\">\n    <div class='image_holder elegant_hover'>\n        \n<span class='image'><img loading=\"lazy\" decoding=\"async\" width=\"550\" height=\"498\" src=\"https:\/\/www.molenaar-architekten.de\/wp-content\/uploads\/2015\/12\/wuxi-camping-web-titel1-550x498.jpg\" class=\"attachment-portfolio-default size-portfolio-default wp-post-image\" alt=\"\" srcset=\"https:\/\/www.molenaar-architekten.de\/wp-content\/uploads\/2015\/12\/wuxi-camping-web-titel1-550x498.jpg 550w, https:\/\/www.molenaar-architekten.de\/wp-content\/uploads\/2015\/12\/wuxi-camping-web-titel1-480x434.jpg 480w, https:\/\/www.molenaar-architekten.de\/wp-content\/uploads\/2015\/12\/wuxi-camping-web-titel1-125x112.jpg 125w\" sizes=\"(max-width: 550px) 100vw, 550px\" \/><\/span>\n                    <a class='portfolio_link_class' href='https:\/\/www.molenaar-architekten.de\/?portfolio_page=wuxi-campingpark' target='_self'><\/a>\n\t\t\n        <div class=\"portfolio_shader\"><\/div>\n<div class=\"text_holder\">\n\t<div class=\"text_holder_inner\">\n\t\t<div class=\"text_holder_inner2\">\n\t\t\t<h4 class=\"portfolio_title\" > Wuxi  Servicegeb\u00e4ude Campingpark<\/h4><h6 class=\"portfolio_subtitle\"> <\/h6>\t<span class=\"project_category\">\n        <span> In <\/span>\n\t\tGewerbe und Kultur \/ Urbane R\u00e4ume    <\/span>\n\t\t<\/div>\n\t<\/div>\n<\/div>\n\n\n\n\n    <\/div>\n<\/article>\n<article class=\"mix portfolio_category_116\">\n    <div class='image_holder elegant_hover'>\n        \n<span class='image'><img loading=\"lazy\" decoding=\"async\" width=\"1\" height=\"1\" src=\"https:\/\/www.molenaar-architekten.de\/wp-content\/uploads\/2015\/12\/BAdAiblingtitel.jpg\" class=\"attachment-portfolio-default size-portfolio-default wp-post-image\" alt=\"\" \/><\/span>\n                    <a class='portfolio_link_class' href='https:\/\/www.molenaar-architekten.de\/?portfolio_page=bad-aibling-bruecke' target='_self'><\/a>\n\t\t\n        <div class=\"portfolio_shader\"><\/div>\n<div class=\"text_holder\">\n\t<div class=\"text_holder_inner\">\n\t\t<div class=\"text_holder_inner2\">\n\t\t\t<h4 class=\"portfolio_title\" > Bad Aibling  Br\u00fccke<\/h4><h6 class=\"portfolio_subtitle\"> <\/h6>\t<span class=\"project_category\">\n        <span> In <\/span>\n\t\tUrbane R\u00e4ume    <\/span>\n\t\t<\/div>\n\t<\/div>\n<\/div>\n\n\n\n\n    <\/div>\n<\/article>\n<article class=\"mix portfolio_category_116\">\n    <div class='image_holder elegant_hover'>\n        \n<span class='image'><img loading=\"lazy\" decoding=\"async\" width=\"1\" height=\"1\" src=\"https:\/\/www.molenaar-architekten.de\/wp-content\/uploads\/2015\/12\/KonstanzTitel.jpg\" class=\"attachment-portfolio-default size-portfolio-default wp-post-image\" alt=\"\" \/><\/span>\n                    <a class='portfolio_link_class' href='https:\/\/www.molenaar-architekten.de\/?portfolio_page=konstanz-bruecke' target='_self'><\/a>\n\t\t\n        <div class=\"portfolio_shader\"><\/div>\n<div class=\"text_holder\">\n\t<div class=\"text_holder_inner\">\n\t\t<div class=\"text_holder_inner2\">\n\t\t\t<h4 class=\"portfolio_title\" > Konstanz  Br\u00fccke<\/h4><h6 class=\"portfolio_subtitle\"> <\/h6>\t<span class=\"project_category\">\n        <span> In <\/span>\n\t\tUrbane R\u00e4ume    <\/span>\n\t\t<\/div>\n\t<\/div>\n<\/div>\n\n\n\n\n    <\/div>\n<\/article>\n<article class=\"mix portfolio_category_111 portfolio_category_116 portfolio_category_113\">\n    <div class='image_holder elegant_hover'>\n        \n<span class='image'><img loading=\"lazy\" decoding=\"async\" width=\"550\" height=\"498\" src=\"https:\/\/www.molenaar-architekten.de\/wp-content\/uploads\/2015\/11\/MTrud-Titelbild--550x498.jpg\" class=\"attachment-portfolio-default size-portfolio-default wp-post-image\" alt=\"\" srcset=\"https:\/\/www.molenaar-architekten.de\/wp-content\/uploads\/2015\/11\/MTrud-Titelbild--550x498.jpg 550w, https:\/\/www.molenaar-architekten.de\/wp-content\/uploads\/2015\/11\/MTrud-Titelbild--480x434.jpg 480w, https:\/\/www.molenaar-architekten.de\/wp-content\/uploads\/2015\/11\/MTrud-Titelbild--125x112.jpg 125w\" sizes=\"(max-width: 550px) 100vw, 550px\" \/><\/span>\n                    <a class='portfolio_link_class' href='https:\/\/www.molenaar-architekten.de\/?portfolio_page=muenchen-truderinger-strasse' target='_self'><\/a>\n\t\t\n        <div class=\"portfolio_shader\"><\/div>\n<div class=\"text_holder\">\n\t<div class=\"text_holder_inner\">\n\t\t<div class=\"text_holder_inner2\">\n\t\t\t<h4 class=\"portfolio_title\" > M\u00fcnchen Genossenschaftswohnungen<\/h4><h6 class=\"portfolio_subtitle\"> <\/h6>\t<span class=\"project_category\">\n        <span> In <\/span>\n\t\tSt\u00e4dtebau \/ Urbane R\u00e4ume \/ Wohnen    <\/span>\n\t\t<\/div>\n\t<\/div>\n<\/div>\n\n\n\n\n    <\/div>\n<\/article>\n<article class=\"mix portfolio_category_114\">\n    <div class='image_holder elegant_hover'>\n        \n<span class='image'><img loading=\"lazy\" decoding=\"async\" width=\"1\" height=\"1\" src=\"https:\/\/www.molenaar-architekten.de\/wp-content\/uploads\/2015\/12\/Museum-titel045.jpg\" class=\"attachment-portfolio-default size-portfolio-default wp-post-image\" alt=\"\" \/><\/span>\n                    <a class='portfolio_link_class' href='https:\/\/www.molenaar-architekten.de\/?portfolio_page=wuxi-museum-chn' target='_self'><\/a>\n\t\t\n        <div class=\"portfolio_shader\"><\/div>\n<div class=\"text_holder\">\n\t<div class=\"text_holder_inner\">\n\t\t<div class=\"text_holder_inner2\">\n\t\t\t<h4 class=\"portfolio_title\" > Wuxi Museum (CHN)<\/h4><h6 class=\"portfolio_subtitle\"> <\/h6>\t<span class=\"project_category\">\n        <span> In <\/span>\n\t\tGewerbe und Kultur    <\/span>\n\t\t<\/div>\n\t<\/div>\n<\/div>\n\n\n\n\n    <\/div>\n<\/article>\n<article class=\"mix portfolio_category_111 portfolio_category_116 portfolio_category_113\">\n    <div class='image_holder elegant_hover'>\n        \n<span class='image'><img loading=\"lazy\" decoding=\"async\" width=\"1\" height=\"1\" src=\"https:\/\/www.molenaar-architekten.de\/wp-content\/uploads\/2015\/11\/GraeW\u00fcrmt-Titelbild-.jpg\" class=\"attachment-portfolio-default size-portfolio-default wp-post-image\" alt=\"\" \/><\/span>\n                    <a class='portfolio_link_class' href='https:\/\/www.molenaar-architekten.de\/?portfolio_page=graefelfing-wuermtalstrasse' target='_self'><\/a>\n\t\t\n        <div class=\"portfolio_shader\"><\/div>\n<div class=\"text_holder\">\n\t<div class=\"text_holder_inner\">\n\t\t<div class=\"text_holder_inner2\">\n\t\t\t<h4 class=\"portfolio_title\" > Gr\u00e4felfing Neugestaltung W\u00fcrmtalstra\u00dfe<\/h4><h6 class=\"portfolio_subtitle\"> <\/h6>\t<span class=\"project_category\">\n        <span> In <\/span>\n\t\tSt\u00e4dtebau \/ Urbane R\u00e4ume \/ Wohnen    <\/span>\n\t\t<\/div>\n\t<\/div>\n<\/div>\n\n\n\n\n    <\/div>\n<\/article>\n<article class=\"mix portfolio_category_114 portfolio_category_111 portfolio_category_116\">\n    <div class='image_holder elegant_hover'>\n        \n<span class='image'><img loading=\"lazy\" decoding=\"async\" width=\"1\" height=\"1\" src=\"https:\/\/www.molenaar-architekten.de\/wp-content\/uploads\/2015\/11\/Changchun-Titelbild-.jpg\" class=\"attachment-portfolio-default size-portfolio-default wp-post-image\" alt=\"\" \/><\/span>\n                    <a class='portfolio_link_class' href='https:\/\/www.molenaar-architekten.de\/?portfolio_page=changchun' target='_self'><\/a>\n\t\t\n        <div class=\"portfolio_shader\"><\/div>\n<div class=\"text_holder\">\n\t<div class=\"text_holder_inner\">\n\t\t<div class=\"text_holder_inner2\">\n\t\t\t<h4 class=\"portfolio_title\" > Changchun Caiyu-Platz (CHN)<\/h4><h6 class=\"portfolio_subtitle\"> <\/h6>\t<span class=\"project_category\">\n        <span> In <\/span>\n\t\tGewerbe und Kultur \/ St\u00e4dtebau \/ Urbane R\u00e4ume    <\/span>\n\t\t<\/div>\n\t<\/div>\n<\/div>\n\n\n\n\n    <\/div>\n<\/article>\n<article class=\"mix portfolio_category_114 portfolio_category_111 portfolio_category_116 portfolio_category_115\">\n    <div class='image_holder elegant_hover'>\n        \n<span class='image'><img loading=\"lazy\" decoding=\"async\" width=\"1\" height=\"1\" src=\"https:\/\/www.molenaar-architekten.de\/wp-content\/uploads\/2015\/12\/SuzshuoTitelbild_ASIA.jpg\" class=\"attachment-portfolio-default size-portfolio-default wp-post-image\" alt=\"\" \/><\/span>\n                    <a class='portfolio_link_class' href='https:\/\/www.molenaar-architekten.de\/?portfolio_page=suzhou-chn' target='_self'><\/a>\n\t\t\n        <div class=\"portfolio_shader\"><\/div>\n<div class=\"text_holder\">\n\t<div class=\"text_holder_inner\">\n\t\t<div class=\"text_holder_inner2\">\n\t\t\t<h4 class=\"portfolio_title\" > Suzhou Bahn Stadt (CHN)<\/h4><h6 class=\"portfolio_subtitle\"> <\/h6>\t<span class=\"project_category\">\n        <span> In <\/span>\n\t\tGewerbe und Kultur \/ St\u00e4dtebau \/ Urbane R\u00e4ume \/ Wettbewerbe    <\/span>\n\t\t<\/div>\n\t<\/div>\n<\/div>\n\n\n\n\n    <\/div>\n<\/article>\n\t\t\t\t\t<div class='filler'><\/div>\n\t\t\t\t\t\t\t\t\t<div class='filler'><\/div>\n\t\t\t\t\t\t\t\t\t<div class='filler'><\/div>\n\t\t\t\t\t<\/div>\n\n    \n\t\t\t<div class=\"portfolio_paging\"><span rel=\"3\" class=\"load_more\"><a href=\"https:\/\/www.molenaar-architekten.de\/index.php?rest_route=%2Fwp%2Fv2%2Fpages%2F18682&#038;paged=2\" >Show more<\/a><\/span><\/div>\n\t\t<div class=\"portfolio_paging_loading\"><a href=\"javascript: void(0)\" class=\"qbutton\">Loading...<\/a><\/div>\n\t<\/div>\n[\/vc_column][\/vc_row]<\/p>\n","protected":false},"excerpt":{"rendered":"<p>[vc_row row_type=&#8220;row&#8220; type=&#8220;full_width&#8220; icon_pack=&#8220;font_awesome&#8220; text_align=&#8220;left&#8220; padding_top=&#8220;14&#8243; padding_bottom=&#8220;100&#8243; content_menu_fe_icon=&#8220;arrow_back&#8220;][vc_column width=&#8220;1\/1&#8243;][\/vc_column][\/vc_row]<\/p>\n","protected":false},"author":1,"featured_media":0,"parent":0,"menu_order":0,"comment_status":"open","ping_status":"open","template":"","meta":{"footnotes":""},"_links":{"self":[{"href":"https:\/\/www.molenaar-architekten.de\/index.php?rest_route=\/wp\/v2\/pages\/18682"}],"collection":[{"href":"https:\/\/www.molenaar-architekten.de\/index.php?rest_route=\/wp\/v2\/pages"}],"about":[{"href":"https:\/\/www.molenaar-architekten.de\/index.php?rest_route=\/wp\/v2\/types\/page"}],"author":[{"embeddable":true,"href":"https:\/\/www.molenaar-architekten.de\/index.php?rest_route=\/wp\/v2\/users\/1"}],"replies":[{"embeddable":true,"href":"https:\/\/www.molenaar-architekten.de\/index.php?rest_route=%2Fwp%2Fv2%2Fcomments&post=18682"}],"version-history":[{"count":0,"href":"https:\/\/www.molenaar-architekten.de\/index.php?rest_route=\/wp\/v2\/pages\/18682\/revisions"}],"wp:attachment":[{"href":"https:\/\/www.molenaar-architekten.de\/index.php?rest_route=%2Fwp%2Fv2%2Fmedia&parent=18682"}],"curies":[{"name":"wp","href":"https:\/\/api.w.org\/{rel}","templated":true}]}}